{"id":330,"date":"2018-02-15T17:14:04","date_gmt":"2018-02-15T16:14:04","guid":{"rendered":"https:\/\/www.comundi.fr\/mag-des-competences\/?page_id=330"},"modified":"2025-06-16T11:26:14","modified_gmt":"2025-06-16T09:26:14","slug":"mentions-legales","status":"publish","type":"page","link":"https:\/\/www.comundi.fr\/mag-des-competences\/mentions-legales\/","title":{"rendered":"Mentions l\u00e9gales &#8211; Mag des comp\u00e9tences"},"content":{"rendered":"<h2>Responsabilit\u00e9s<\/h2>\n<ul>\n<li>Les commentaires que l\u2019on peut trouver au pied des billets refl\u00e8tent uniquement l\u2019avis de leurs auteurs.<\/li>\n<li>Tout commentaire \u00e0 caract\u00e8re injurieux, diffamatoire, x\u00e9nophobe, raciste, antis\u00e9mite, pornographique, r\u00e9visionniste, homophobe, sexiste, d\u2019incitation \u00e0 la haine, \u00e0 la violence ou en g\u00e9n\u00e9ral tout sujet contraire \u00e0 la loi et aux valeurs humanistes ne sont pas accept\u00e9s.<\/li>\n<\/ul>\n<h2>Mod\u00e9ration<\/h2>\n<ul>\n<li>Nous nous r\u00e9servons le droit de supprimer sans avertissement tout commentaire d\u00e9rogeant \u00e0 cette r\u00e8gle.<\/li>\n<li>\u00a0Les commentaires sont mod\u00e9r\u00e9s et ne seront mis en ligne qu\u2019apr\u00e8s approbation.<\/li>\n<\/ul>\n<h2>Blog d\u00e9clar\u00e9 \u00e0 la CNIL<\/h2>\n<p>Collecte de donn\u00e9es personnelles<br \/>\nLorsque vous postez un commentaire sur ce blog, vous devez fournir votre nom (ou votre pseudo) ainsi que votre adresse e-mail. Ces informations sont stock\u00e9es dans une base de donn\u00e9es. Votre adresse de courrier \u00e9lectronique ne sera jamais affich\u00e9e sur le blog ou utilis\u00e9e pour quelque raison que ce soit sans votre accord. Votre adresse IP est \u00e9galement enregistr\u00e9e mais ne sera jamais affich\u00e9e, exploit\u00e9e ou communiqu\u00e9e. Sauf dans le cas o\u00f9 ce serait requis par la justice.<\/p>\n<p>Conform\u00e9ment \u00e0 l\u2019article 39 de la loi du 6 janvier 1978 relative \u00e0 l\u2019informatique, aux fichiers et aux libert\u00e9s, vous avez un droit d\u2019acc\u00e8s, de modification et d\u2019opposition sur vos donn\u00e9es personnelles enregistr\u00e9es par le blog. Vous pouvez l\u2019exercer par mail en \u00e9crivant au directeur de la publication, d\u00e9sign\u00e9 ci-dessous.<\/p>\n<h2>Cookie<\/h2>\n<p>Un cookie peut \u00eatre enregistr\u00e9 dans votre ordinateur pour permettre \u00e0 votre navigateur web de conserver les informations que vous entrez dans le formulaire de commentaire. Afin que vous n\u2019ayez pas \u00e0 les ressaisir \u00e0 chaque fois que vous d\u00e9posez un commentaire sur le blog.<\/p>\n<h2>Contenus prot\u00e9g\u00e9s<\/h2>\n<p>La reproduction du contenu de ce site web, en tout ou en partie, est interdite sans la permission \u00e9crite de l\u2019auteur (sauf mention particuli\u00e8re). Tout autre mat\u00e9riel contenu sur ce site ne nous appartenant pas : photos, textes, images, codes source, logos, noms de produits ou marques cit\u00e9es, etc., est la propri\u00e9t\u00e9 de leurs d\u00e9tenteurs respectifs.<\/p>\n<h2>Directeur de la Publication<\/h2>\n<p>Ce blog est la propri\u00e9t\u00e9 de Comundi.<\/p>\n<ul>\n<li>Directeur de publication\u00a0: Claire Pascal<\/li>\n<li>Co-Directeur de publication : Nicolas Doyhenard<\/li>\n<li>R\u00e9dactrice en chef : Sabina Aubdoolary<\/li>\n<\/ul>\n<h2>Cr\u00e9dits photos \/ images<\/h2>\n<ul>\n<li>Les Echos Publishing<\/li>\n<li>Shutterstock<\/li>\n<li>Istock<\/li>\n<li>AdobeStock<\/li>\n<\/ul>\n<h2>H\u00e9bergement<\/h2>\n<p>Ce blog est h\u00e9berg\u00e9 par :<\/p>\n<ul>\n<li>Coll\u00e8ge de Paris<br \/>\n15, Rue Montmartre 75001 Paris, France<\/li>\n<li>T\u00e9l\u00e9phone : +33 1 73 01 20 20<\/li>\n<li>Web\u00a0:\u00a0<a href=\"https:\/\/www.collegedeparis.fr\/\" target=\"_blank\" rel=\"noopener\">www.collegedeparie.fr<\/a><\/li>\n<\/ul>\n","protected":false},"excerpt":{"rendered":"<p>Responsabilit\u00e9s Les commentaires que l\u2019on peut trouver au pied des billets refl\u00e8tent uniquement l\u2019avis de leurs auteurs. Tout commentaire \u00e0 caract\u00e8re injurieux, diffamatoire, x\u00e9nophobe, raciste, antis\u00e9mite, pornographique, r\u00e9visionniste, homophobe, sexiste, d\u2019incitation \u00e0 la haine, \u00e0 la violence ou en g\u00e9n\u00e9ral tout sujet contraire \u00e0 la loi et aux valeurs humanistes ne sont pas accept\u00e9s. Mod\u00e9ration [&hellip;]<\/p>\n","protected":false},"author":8,"featured_media":0,"parent":0,"menu_order":0,"comment_status":"closed","ping_status":"closed","template":"","meta":{"_mi_skip_tracking":false},"yoast_head":"<!-- This site is optimized with the Yoast SEO plugin v16.1 - https:\/\/yoast.com\/wordpress\/plugins\/seo\/ -->\n<title>Mentions l\u00e9gales - Mag des comp\u00e9tences - Comundi<\/title>\n<meta name=\"robots\" content=\"index, follow, max-snippet:-1, max-image-preview:large, max-video-preview:-1\" \/>\n<link rel=\"canonical\" href=\"https:\/\/www.comundi.fr\/mag-des-competences\/mentions-legales\/\" \/>\n<meta property=\"og:locale\" content=\"fr_FR\" \/>\n<meta property=\"og:type\" content=\"article\" \/>\n<meta property=\"og:title\" content=\"Mentions l\u00e9gales - Mag des comp\u00e9tences - Comundi\" \/>\n<meta property=\"og:description\" content=\"Responsabilit\u00e9s Les commentaires que l\u2019on peut trouver au pied des billets refl\u00e8tent uniquement l\u2019avis de leurs auteurs. Tout commentaire \u00e0 caract\u00e8re injurieux, diffamatoire, x\u00e9nophobe, raciste, antis\u00e9mite, pornographique, r\u00e9visionniste, homophobe, sexiste, d\u2019incitation \u00e0 la haine, \u00e0 la violence ou en g\u00e9n\u00e9ral tout sujet contraire \u00e0 la loi et aux valeurs humanistes ne sont pas accept\u00e9s. Mod\u00e9ration [&hellip;]\" \/>\n<meta property=\"og:url\" content=\"https:\/\/www.comundi.fr\/mag-des-competences\/mentions-legales\/\" \/>\n<meta property=\"og:site_name\" content=\"Mag des comp\u00e9tences - Comundi\" \/>\n<meta property=\"article:publisher\" content=\"https:\/\/www.facebook.com\/Comundi\/?fref=ts\" \/>\n<meta property=\"article:modified_time\" content=\"2025-06-16T09:26:14+00:00\" \/>\n<meta name=\"twitter:card\" content=\"summary_large_image\" \/>\n<meta name=\"twitter:site\" content=\"@ComundiActu\" \/>\n<meta name=\"twitter:label1\" content=\"Dur\u00e9e de lecture est.\">\n\t<meta name=\"twitter:data1\" content=\"2 minutes\">\n<script type=\"application\/ld+json\" class=\"yoast-schema-graph\">{\"@context\":\"https:\/\/schema.org\",\"@graph\":[{\"@type\":\"Organization\",\"@id\":\"https:\/\/www.comundi.fr\/mag-des-competences\/#organization\",\"name\":\"Comundi\",\"url\":\"https:\/\/www.comundi.fr\/mag-des-competences\/\",\"sameAs\":[\"https:\/\/www.facebook.com\/Comundi\/?fref=ts\",\"https:\/\/www.linkedin.com\/company\/comundi\/\",\"https:\/\/www.youtube.com\/user\/ComundiFormations\",\"https:\/\/twitter.com\/ComundiActu\"],\"logo\":{\"@type\":\"ImageObject\",\"@id\":\"https:\/\/www.comundi.fr\/mag-des-competences\/#logo\",\"inLanguage\":\"fr-FR\",\"url\":\"https:\/\/www.comundi.fr\/mag-des-competences\/wp-content\/uploads\/2018\/01\/comundi.png\",\"contentUrl\":\"https:\/\/www.comundi.fr\/mag-des-competences\/wp-content\/uploads\/2018\/01\/comundi.png\",\"width\":300,\"height\":300,\"caption\":\"Comundi\"},\"image\":{\"@id\":\"https:\/\/www.comundi.fr\/mag-des-competences\/#logo\"}},{\"@type\":\"WebSite\",\"@id\":\"https:\/\/www.comundi.fr\/mag-des-competences\/#website\",\"url\":\"https:\/\/www.comundi.fr\/mag-des-competences\/\",\"name\":\"Mag des comp\\u00e9tences - Comundi\",\"description\":\"Le magazine des m\\u00e9tiers de demain\",\"publisher\":{\"@id\":\"https:\/\/www.comundi.fr\/mag-des-competences\/#organization\"},\"potentialAction\":[{\"@type\":\"SearchAction\",\"target\":\"https:\/\/www.comundi.fr\/mag-des-competences\/?s={search_term_string}\",\"query-input\":\"required name=search_term_string\"}],\"inLanguage\":\"fr-FR\"},{\"@type\":\"WebPage\",\"@id\":\"https:\/\/www.comundi.fr\/mag-des-competences\/mentions-legales\/#webpage\",\"url\":\"https:\/\/www.comundi.fr\/mag-des-competences\/mentions-legales\/\",\"name\":\"Mentions l\\u00e9gales - Mag des comp\\u00e9tences - Comundi\",\"isPartOf\":{\"@id\":\"https:\/\/www.comundi.fr\/mag-des-competences\/#website\"},\"datePublished\":\"2018-02-15T16:14:04+00:00\",\"dateModified\":\"2025-06-16T09:26:14+00:00\",\"breadcrumb\":{\"@id\":\"https:\/\/www.comundi.fr\/mag-des-competences\/mentions-legales\/#breadcrumb\"},\"inLanguage\":\"fr-FR\",\"potentialAction\":[{\"@type\":\"ReadAction\",\"target\":[\"https:\/\/www.comundi.fr\/mag-des-competences\/mentions-legales\/\"]}]},{\"@type\":\"BreadcrumbList\",\"@id\":\"https:\/\/www.comundi.fr\/mag-des-competences\/mentions-legales\/#breadcrumb\",\"itemListElement\":[{\"@type\":\"ListItem\",\"position\":1,\"item\":{\"@type\":\"WebPage\",\"@id\":\"https:\/\/www.comundi.fr\/mag-des-competences\/\",\"url\":\"https:\/\/www.comundi.fr\/mag-des-competences\/\",\"name\":\"Accueil\"}},{\"@type\":\"ListItem\",\"position\":2,\"item\":{\"@type\":\"WebPage\",\"@id\":\"https:\/\/www.comundi.fr\/mag-des-competences\/mentions-legales\/\",\"url\":\"https:\/\/www.comundi.fr\/mag-des-competences\/mentions-legales\/\",\"name\":\"Mentions l\\u00e9gales &#8211; Mag des comp\\u00e9tences\"}}]}]}<\/script>\n<!-- \/ Yoast SEO plugin. -->","amp_enabled":true,"_links":{"self":[{"href":"https:\/\/www.comundi.fr\/mag-des-competences\/wp-json\/wp\/v2\/pages\/330"}],"collection":[{"href":"https:\/\/www.comundi.fr\/mag-des-competences\/wp-json\/wp\/v2\/pages"}],"about":[{"href":"https:\/\/www.comundi.fr\/mag-des-competences\/wp-json\/wp\/v2\/types\/page"}],"author":[{"embeddable":true,"href":"https:\/\/www.comundi.fr\/mag-des-competences\/wp-json\/wp\/v2\/users\/8"}],"replies":[{"embeddable":true,"href":"https:\/\/www.comundi.fr\/mag-des-competences\/wp-json\/wp\/v2\/comments?post=330"}],"version-history":[{"count":7,"href":"https:\/\/www.comundi.fr\/mag-des-competences\/wp-json\/wp\/v2\/pages\/330\/revisions"}],"predecessor-version":[{"id":14103,"href":"https:\/\/www.comundi.fr\/mag-des-competences\/wp-json\/wp\/v2\/pages\/330\/revisions\/14103"}],"wp:attachment":[{"href":"https:\/\/www.comundi.fr\/mag-des-competences\/wp-json\/wp\/v2\/media?parent=330"}],"curies":[{"name":"wp","href":"https:\/\/api.w.org\/{rel}","templated":true}]}}