{"version":"1.0","provider_name":"Mag des comp\u00e9tences - Comundi","provider_url":"https:\/\/www.comundi.fr\/mag-des-competences","author_name":"Comundi","author_url":"https:\/\/www.comundi.fr\/mag-des-competences\/author\/comundi\/","title":"Mentions l\u00e9gales - Mag des comp\u00e9tences - Comundi","type":"rich","width":600,"height":338,"html":"<blockquote class=\"wp-embedded-content\"><a href=\"https:\/\/www.comundi.fr\/mag-des-competences\/mentions-legales\/\">Mentions l\u00e9gales &#8211; Mag des comp\u00e9tences<\/a><\/blockquote>\n<script type='text\/javascript'>\n<!--\/\/--><![CDATA[\/\/><!--\n\t\t\/*! This file is auto-generated *\/\n\t\t!function(d,l){\"use strict\";var e=!1,n=!1;if(l.querySelector)if(d.addEventListener)e=!0;if(d.wp=d.wp||{},!d.wp.receiveEmbedMessage)if(d.wp.receiveEmbedMessage=function(e){var t=e.data;if(t)if(t.secret||t.message||t.value)if(!\/[^a-zA-Z0-9]\/.test(t.secret)){for(var r,i,a,s=l.querySelectorAll('iframe[data-secret=\"'+t.secret+'\"]'),n=l.querySelectorAll('blockquote[data-secret=\"'+t.secret+'\"]'),o=new RegExp(\"^https?:$\",\"i\"),c=0;c<n.length;c++)n[c].style.display=\"none\";for(c=0;c<s.length;c++)if(r=s[c],e.source===r.contentWindow){if(r.removeAttribute(\"style\"),\"height\"===t.message){if(1e3<(a=parseInt(t.value,10)))a=1e3;else if(~~a<200)a=200;r.height=a}if(\"link\"===t.message)if(i=l.createElement(\"a\"),a=l.createElement(\"a\"),i.href=r.getAttribute(\"src\"),a.href=t.value,o.test(a.protocol))if(a.host===i.host)if(l.activeElement===r)d.top.location.href=t.value}}},e)d.addEventListener(\"message\",d.wp.receiveEmbedMessage,!1),l.addEventListener(\"DOMContentLoaded\",t,!1),d.addEventListener(\"load\",t,!1);function t(){if(!n){n=!0;for(var e,t,r=-1!==navigator.appVersion.indexOf(\"MSIE 10\"),i=!!navigator.userAgent.match(\/Trident.*rv:11\\.\/),a=l.querySelectorAll(\"iframe.wp-embedded-content\"),s=0;s<a.length;s++){if(!(e=a[s]).getAttribute(\"data-secret\"))t=Math.random().toString(36).substr(2,10),e.src+=\"#?secret=\"+t,e.setAttribute(\"data-secret\",t);if(r||i)(t=e.cloneNode(!0)).removeAttribute(\"security\"),e.parentNode.replaceChild(t,e)}}}}(window,document);\n\/\/--><!]]>\n<\/script><iframe sandbox=\"allow-scripts\" security=\"restricted\" src=\"https:\/\/www.comundi.fr\/mag-des-competences\/mentions-legales\/embed\/\" width=\"600\" height=\"338\" title=\"\u00ab\u00a0Mentions l\u00e9gales &#8211; Mag des comp\u00e9tences\u00a0\u00bb &#8212; Mag des comp\u00e9tences - Comundi\" frameborder=\"0\" marginwidth=\"0\" marginheight=\"0\" scrolling=\"no\" class=\"wp-embedded-content\"><\/iframe>","description":"Responsabilit\u00e9s Les commentaires que l\u2019on peut trouver au pied des billets refl\u00e8tent uniquement l\u2019avis de leurs auteurs. Tout commentaire \u00e0 caract\u00e8re injurieux, diffamatoire, x\u00e9nophobe, raciste, antis\u00e9mite, pornographique, r\u00e9visionniste, homophobe, sexiste, d\u2019incitation \u00e0 la haine, \u00e0 la violence ou en g\u00e9n\u00e9ral tout sujet contraire \u00e0 la loi et aux valeurs humanistes ne sont pas accept\u00e9s. Mod\u00e9ration [&hellip;]"}